{"id":6124,"date":"2024-04-05T13:24:43","date_gmt":"2024-04-05T11:24:43","guid":{"rendered":"https:\/\/www.martinel.it\/progettazione\/?page_id=6124"},"modified":"2024-04-08T14:21:37","modified_gmt":"2024-04-08T12:21:37","slug":"arredamenti-martinel-progettazione-online","status":"publish","type":"page","link":"https:\/\/www.martinel.it\/progettazione\/","title":{"rendered":"Arredamenti Martinel Progettazione Online"},"content":{"rendered":"<p>[vc_row full_width=&#8221;stretch_row_content_no_spaces&#8221; enable_ovarlay=&#8221;true&#8221;][vc_column][vc_banner_title title=&#8221;AFFIDATI ALL&#8217;INTERIOR DESIGNER&#8221; img=&#8221;6126&#8243; enable_overlay=&#8221;true&#8221; enable_animation=&#8221;&#8221; enable_parallax=&#8221;&#8221; enable_fullheight=&#8221;true&#8221; enable_arrow_down=&#8221;true&#8221; columns=&#8221;%5B%5D&#8221; content_info=&#8221;DI ARREDAMENTI MARTINEL PER PROGETTARE I TUOI SPAZI&#8221;][\/vc_column][\/vc_row][vc_row desctop_mt=&#8221;margin-lg-105t&#8221; desctop_mb=&#8221;margin-lg-50b&#8221; tablets_mt=&#8221;margin-sm-50t&#8221; tablets_mb=&#8221;margin-sm-30b&#8221; mobile_mt=&#8221;margin-xs-20t&#8221; mobile_mb=&#8221;margin-xs-20b&#8221;][vc_column width=&#8221;1\/2&#8243;][vc_column_text]<\/p>\n<h2><em>Servizi di progettazione<\/em><\/h2>\n<p>La tecnologia e la digitalizzazione sono ormai alla portata di tutti e noi vogliamo dar vita a questo nuovo programma di\u00a0<strong>PROGETTAZIONE ONLINE.<\/strong><\/p>\n<p>Sappiamo benissimo che arredare una casa, uno spazio commerciale o rinnovare pu\u00f2 spaventare. Ecco perch\u00e9 Arredamenti Martinel mette a vostra completa disposizione architetti e interior designers che vantano anni di esperienza nel settore e nel trovare\u00a0<strong>soluzioni<\/strong>![\/vc_column_text][\/vc_column][vc_column width=&#8221;1\/2&#8243;][vc_single_image image=&#8221;6137&#8243; img_size=&#8221;full&#8221;][\/vc_column][\/vc_row][vc_row full_width=&#8221;stretch_row&#8221; desctop_pt=&#8221;padding-lg-70t&#8221; desctop_pb=&#8221;padding-lg-100b&#8221; tablets_pt=&#8221;padding-sm-40t&#8221; tablets_pb=&#8221;padding-sm-30b&#8221; mobile_pt=&#8221;padding-xs-20t&#8221; mobile_pb=&#8221;padding-xs-20b&#8221; css=&#8221;.vc_custom_1712318100165{background-color: #eef1f2 !important;}&#8221;][vc_column][vc_column_text]<\/p>\n<h1 class=\"cs-heading__subtitle\" style=\"text-align: center; font-size: 56px;\"><em>La nostra filosofia di progettazione<\/em><\/h1>\n<p style=\"text-align: center;\">La progettazione di Arredamenti Martinel si basa da ormai molti anni su 3 principi:\u00a0<strong>L\u2019EQUILIBRIO<\/strong>, LE\u00a0<strong>PROPORZIONI\u00a0<\/strong>E I\u00a0<strong>DETTAGLI\u00a0<\/strong>avendo poi come fondamento la relazione che si crea e si matura con la\u00a0<strong>PERSONA<\/strong>.<\/p>\n<ul style=\"text-align: center;\">\n<li style=\"text-align: left;\">Design con\u00a0<strong>EQUILIBRIO\u00a0<\/strong>da origine ad una sensazione di stabilit\u00e0, si tratta infatti di bilanciare visivamente gli oggetti. Questo equilibrio viene creato non solo attraverso la forma, ma anche attraverso il colore e i diversi tessuti.<\/li>\n<\/ul>\n<ul style=\"text-align: left;\">\n<li>Design con\u00a0<strong>PROPORZIONI:<\/strong>\u00a0la relazione che c\u2019\u00e8 fra gli oggetti, fondamentale per ogni tipo di progettazione. Un gioco fra le misure disponibili e le dimensioni di elementi d&#8217;arredo standard e, se necessario, di elementi creati su misura, per dar vita ad un ambiente piacevole e rilassante<\/li>\n<\/ul>\n<ul>\n<li style=\"text-align: left;\">Design con\u00a0\u00a0<strong>DETTAGLI:\u00a0<\/strong>la prima attenta selezione \u00e8 la scelta appropriata dello stile d&#8217;arredo con colori e rivestimenti, in seguito, \u00e8 il cercare l&#8217;armonia e la valorizzazione dell&#8217;ambiente con quei dettagli, anche se piccoli, che completano regalando distinzione ed appagamento.<\/li>\n<\/ul>\n<p>[\/vc_column_text][vc_row_inner][vc_column_inner][vc_posts_slider type=&#8221;flexslider_slide&#8221; count=&#8221;4&#8243; interval=&#8221;3&#8243; slides_content=&#8221;teaser&#8221; slides_title=&#8221;1&#8243; link=&#8221;link_no&#8221; thumb_size=&#8221;1438X809&#8243; posttypes=&#8221;services&#8221; categories=&#8221;servizi&#8221;][\/vc_column_inner][\/vc_row_inner][\/vc_column][\/vc_row][vc_row full_width=&#8221;stretch_row_content&#8221;][vc_column][vc_headings align=&#8221;cs-heading&#8211;center&#8221; css=&#8221;.vc_custom_1712568514458{margin-bottom: 20px !important;}&#8221;]<\/p>\n<h6 style=\"text-align: center; font-weight: 400; font-size: 56px;\"><em>Scopri le nostre realizzazioni<\/em><\/h6>\n<p>[\/vc_headings][vc_projects_posts templates=&#8221;grid&#8221; post_type=&#8221;projects&#8221; total_columns=&#8221;cs-block&#8211;col3&#8243; image_original_size=&#8221;full&#8221; posts_per_page=&#8221;5&#8243;][\/vc_column][\/vc_row][vc_row full_width=&#8221;stretch_row&#8221; desctop_pt=&#8221;padding-lg-70t&#8221; desctop_pb=&#8221;padding-lg-100b&#8221; tablets_pt=&#8221;padding-sm-50t&#8221; tablets_pb=&#8221;padding-sm-50b&#8221; mobile_pt=&#8221;padding-xs-20t&#8221; mobile_pb=&#8221;padding-xs-20b&#8221; css=&#8221;.vc_custom_1712570064708{background-color: #eef1f2 !important;}&#8221;][vc_column][vc_row_inner][vc_column_inner][vc_headings align=&#8221;cs-heading&#8211;center&#8221; css=&#8221;.vc_custom_1712569119589{margin-bottom: 20px !important;}&#8221;]<\/p>\n<h6 style=\"text-align: center; font-weight: 400; font-size: 56px;\"><em>RICHIEDI IL TUO PROGETTO<\/em><\/h6>\n<section class=\"cs-heading cs-heading--center cs-heading--c-default cs-heading--modern\">\n<div class=\"cs-heading__content\">\n<h6><\/h6>\n<h6 style=\"text-align: center; font-size: 40px;\"><strong>\u00c9 davvero semplice!<\/strong><\/h6>\n<h6 style=\"text-align: center; font-size: 40px;\"><strong>Ecco come funziona&#8230;<\/strong><\/h6>\n<\/div>\n<\/section>\n<h6 style=\"text-align: center;\"><\/h6>\n<h6><\/h6>\n<section class=\"cs-heading cs-heading--center cs-heading--c-default cs-heading--modern\">\n<div class=\"cs-heading__content\">\n<h6 style=\"text-align: center; font-size: 40px; margin-top: 50px;\"><strong>COSA DEVI FARE TU<\/strong><\/h6>\n<\/div>\n<\/section>\n<p>[\/vc_headings][vc_column_text css=&#8221;.vc_custom_1712569838964{margin-top: 20px !important;}&#8221;]<img loading=\"lazy\" decoding=\"async\" class=\"aligncenter wp-image-6205\" src=\"https:\/\/www.martinel.it\/progettazione\/wp-content\/uploads\/2024\/04\/1.png\" alt=\"\" width=\"50\" height=\"50\" srcset=\"https:\/\/www.martinel.it\/progettazione\/wp-content\/uploads\/2024\/04\/1.png 200w, https:\/\/www.martinel.it\/progettazione\/wp-content\/uploads\/2024\/04\/1-150x150.png 150w\" sizes=\"(max-width: 50px) 100vw, 50px\" \/><\/p>\n<section id=\"cosafai\" class=\"cs-heading cs-heading--center cs-heading--c-default cs-heading--modern\">\n<div class=\"cs-heading__content\">\n<p style=\"text-align: center;\">Inviaci una planimetria con le misure e la posizione di porte e finestre, eventuali ribassamenti o gradini, posizione di prese e di scarichi.<\/p>\n<p style=\"text-align: center;\"><strong>(Il file pu\u00f2 essere in dwg, pdf, jpeg, png).<\/strong><\/p>\n<p>&nbsp;<\/p>\n<\/div>\n<p><img loading=\"lazy\" decoding=\"async\" class=\"wp-image-6210 aligncenter\" src=\"https:\/\/www.martinel.it\/progettazione\/wp-content\/uploads\/2024\/04\/2.png\" alt=\"\" width=\"50\" height=\"50\" srcset=\"https:\/\/www.martinel.it\/progettazione\/wp-content\/uploads\/2024\/04\/2.png 200w, https:\/\/www.martinel.it\/progettazione\/wp-content\/uploads\/2024\/04\/2-150x150.png 150w\" sizes=\"(max-width: 50px) 100vw, 50px\" \/><\/p>\n<p style=\"text-align: center;\">Inviateci delle foto della stanza in modo che possiamo vedere che tipo di rivestimenti ci sono e che tipo di ambiente \u00e8 esistente.<\/p>\n<p>&nbsp;<\/p>\n<\/section>\n<p><img loading=\"lazy\" decoding=\"async\" class=\"aligncenter wp-image-6212\" src=\"https:\/\/www.martinel.it\/progettazione\/wp-content\/uploads\/2024\/04\/3.png\" alt=\"\" width=\"50\" height=\"50\" srcset=\"https:\/\/www.martinel.it\/progettazione\/wp-content\/uploads\/2024\/04\/3.png 200w, https:\/\/www.martinel.it\/progettazione\/wp-content\/uploads\/2024\/04\/3-150x150.png 150w\" sizes=\"(max-width: 50px) 100vw, 50px\" \/><\/p>\n<p style=\"text-align: center;\">Diteci le tue necessit\u00e0, cosa vuoi cambiare e cosa vuoi tenere. Dimmi il tuo stile (moderno, minimal, industrial, nordico ecc) i tuoi gusti e cosa vorresti realizzare! Pi\u00f9 informazione riesci a darci pi\u00f9 semplice sar\u00e0 per noi soddisfare i tuoi bisogni. Cosa importante per noi \u00e8 capire circa il budget che avevi in mente, in modo cos\u00ec da creare un progetto su misura.<\/p>\n<p>&nbsp;<\/p>\n<p><img loading=\"lazy\" decoding=\"async\" class=\"aligncenter wp-image-6214\" src=\"https:\/\/www.martinel.it\/progettazione\/wp-content\/uploads\/2024\/04\/4.png\" alt=\"\" width=\"50\" height=\"50\" srcset=\"https:\/\/www.martinel.it\/progettazione\/wp-content\/uploads\/2024\/04\/4.png 200w, https:\/\/www.martinel.it\/progettazione\/wp-content\/uploads\/2024\/04\/4-150x150.png 150w\" sizes=\"(max-width: 50px) 100vw, 50px\" \/><\/p>\n<p style=\"text-align: center;\">Scegli il pacchetto pi\u00f9 adatto a te! Il team Arredamenti Martinel sar\u00e0 in grado di realizzare per te a 360 gradi un arredamento per una abitazione, uno spazio commerciale, uffici, ecc..<\/p>\n<p>[\/vc_column_text][\/vc_column_inner][\/vc_row_inner][\/vc_column][\/vc_row][vc_row desctop_pt=&#8221;padding-lg-70t&#8221;][vc_column][vc_headings]<\/p>\n<h6 class=\"cs-heading__subtitle\" style=\"font-size: 40px; font-weight: 400; text-align: center; padding-right: 43px;\"><strong>COME POSSIAMO AIUTARTI NOI<\/strong><\/h6>\n<p>[\/vc_headings][\/vc_column][\/vc_row][vc_row full_width=&#8221;stretch_row_content&#8221;][vc_column width=&#8221;1\/2&#8243;][vc_column_text]<\/p>\n<div class=\"col-xs-12\">\n<div class=\"cs-testimonials__item\">\n<div id=\"cosafai\" class=\"cs-testimonials__info\">\n<h3 class=\"cs-testimonials__title\" style=\"text-align: right;\">IDEE<\/h3>\n<div class=\"cs-testimonials__description\">\n<p style=\"text-align: right;\">Ti servono solo dei consigli finali, su arredamenti o finiture e vorresti chiedere ad un nostro designer il parere ed eventualmente qualche piccola idea o soluzioni ad un\u00a0problema via mail o telefono?<\/p>\n<p style=\"text-align: right;\">Questa \u00e8 la soluzione che fa per te, il servizio \u00e8 totalmente<\/p>\n<h3 style=\"text-align: right;\"><strong>GRATUITO<\/strong>!<\/h3>\n<p style=\"text-align: right;\">\n<\/div>\n<\/div>\n<\/div>\n<\/div>\n<p>[\/vc_column_text][\/vc_column][vc_column width=&#8221;1\/2&#8243;][vc_column_text]<\/p>\n<div class=\"col-xs-12\">\n<div class=\"cs-testimonials__item\">\n<div id=\"cosafai\" class=\"cs-testimonials__info\">\n<h3 class=\"cs-testimonials__title\" style=\"text-align: right;\">COOPERAZIONE &#8211; Quando le idee iniziano a prendere forma<\/h3>\n<div class=\"cs-testimonials__description\" style=\"text-align: right;\">\n<p>&nbsp;<\/p>\n<p>Se vuoi affidarti ad un nostro Architetto o Interior Designer, per avere l&#8217;aiuto in pi\u00f9, per creare il tuo spazio abitativo e non, con stile ed unicit\u00e0, questa \u00e8 la soluzione che fa per te!<\/p>\n<p>Arredamenti Martinel \u00e8 in grado di coprire l&#8217;arredo di tutte le stanze della casa e non, luoghi privati o pubblici.<\/p>\n<p>A seconda delle esigenze, possiamo inviare\u00a0Una\u00a0<strong>piantina in 2D<\/strong>\u00a0con ingombri,\u00a0<strong>moodboard\u00a0<\/strong>con foto degli arredi selezionati con materiali e finiture scelte, possibile\u00a0<strong>quotazione\u00a0<\/strong>arredi,\u00a0<strong>disegno in 2D, 3D<\/strong>\u00a0o eventualmente su richiesta\u00a0<strong>Render fotorealistico<\/strong>.<\/p>\n<h2><strong>400,00 Euro<\/strong><\/h2>\n<p><strong>Non ti preoccupare, questa cifra ti verr\u00e0 scontata sull&#8217;ordine, se poi procedi all&#8217;acquisto dei mobili da Martinel!<\/strong><\/p>\n<p>&nbsp;<\/p>\n<\/div>\n<\/div>\n<\/div>\n<\/div>\n<p>[\/vc_column_text][\/vc_column][\/vc_row][vc_row desctop_pb=&#8221;padding-lg-50b&#8221;][vc_column][vc_btn title=&#8221;PRENOTA UN APPUNTAMENTO&#8221; style=&#8221;custom&#8221; custom_background=&#8221;#383c50&#8243; custom_text=&#8221;#ffffff&#8221; shape=&#8221;square&#8221; size=&#8221;lg&#8221; align=&#8221;center&#8221; link=&#8221;url:https%3A%2F%2Fwww.martinel.it%2Fprogettazione%2Fprenota-un-appuntamento%2F|title:Prenota%20un%20appuntamento&#8221;][\/vc_column][\/vc_row][vc_row full_width=&#8221;stretch_row_content_no_spaces&#8221;][vc_column][vc_banner_title title=&#8221;<\/p>\n<h6 class=\"&#96;&#96;cs-heading__subtitle&#96;&#96;\" style=\"&#96;&#96;font-weight: 400; font-style: italic; color: #fff;\">Ti aspettiamo sempre in show-room, se hai occasione, se sei di passaggio o se vuoi concludere la progettazione direttamente in sede, noi saremo felici di incontrarti<\/h6>\n<p>&#8221; img=&#8221;6241&#8243; enable_overlay=&#8221;true&#8221; columns=&#8221;%5B%7B%22text_type%22%3A%22text%22%7D%5D&#8221;][\/vc_column][\/vc_row]<\/p>\n","protected":false},"excerpt":{"rendered":"<p>[vc_row full_width=&#8221;stretch_row_content_no_spaces&#8221; enable_ovarlay=&#8221;true&#8221;][vc_column][vc_banner_title title=&#8221;AFFIDATI ALL&#8217;INTERIOR DESIGNER&#8221; img=&#8221;6126&#8243; enable_overlay=&#8221;true&#8221; enable_animation=&#8221;&#8221; enable_parallax=&#8221;&#8221; enable_fullheight=&#8221;true&#8221; enable_arrow_down=&#8221;true&#8221; columns=&#8221;%5B%5D&#8221; content_info=&#8221;DI ARREDAMENTI MARTINEL PER PROGETTARE I TUOI&#8230;<\/p>\n","protected":false},"author":1,"featured_media":0,"parent":0,"menu_order":0,"comment_status":"closed","ping_status":"closed","template":"","meta":{"footnotes":""},"featured_image_src":null,"featured_image_src_square":null,"_links":{"self":[{"href":"https:\/\/www.martinel.it\/progettazione\/wp-json\/wp\/v2\/pages\/6124"}],"collection":[{"href":"https:\/\/www.martinel.it\/progettazione\/wp-json\/wp\/v2\/pages"}],"about":[{"href":"https:\/\/www.martinel.it\/progettazione\/wp-json\/wp\/v2\/types\/page"}],"author":[{"embeddable":true,"href":"https:\/\/www.martinel.it\/progettazione\/wp-json\/wp\/v2\/users\/1"}],"replies":[{"embeddable":true,"href":"https:\/\/www.martinel.it\/progettazione\/wp-json\/wp\/v2\/comments?post=6124"}],"version-history":[{"count":104,"href":"https:\/\/www.martinel.it\/progettazione\/wp-json\/wp\/v2\/pages\/6124\/revisions"}],"predecessor-version":[{"id":6285,"href":"https:\/\/www.martinel.it\/progettazione\/wp-json\/wp\/v2\/pages\/6124\/revisions\/6285"}],"wp:attachment":[{"href":"https:\/\/www.martinel.it\/progettazione\/wp-json\/wp\/v2\/media?parent=6124"}],"curies":[{"name":"wp","href":"https:\/\/api.w.org\/{rel}","templated":true}]}}